{"id":40,"date":"2023-01-16T12:21:31","date_gmt":"2023-01-16T11:21:31","guid":{"rendered":"http:\/\/saulepe.cluster031.hosting.ovh.net\/?page_id=40"},"modified":"2026-08-31T14:54:05","modified_gmt":"2026-08-31T12:54:05","slug":"films","status":"publish","type":"page","link":"https:\/\/sauleproductions.fr\/?page_id=40","title":{"rendered":"Films"},"content":{"rendered":"\n<div class=\"wp-block-media-text alignwide has-media-on-the-right is-stacked-on-mobile\"><div class=\"wp-block-media-text__content\">\n<p class=\"has-extra-large-font-size wp-block-paragraph\">LE BRANLEUR, LES AVENTURES D&rsquo;EDGAR HILSENRATH <\/p>\n\n\n\n<p class=\"wp-block-paragraph\"><em>Un film documentaire d&rsquo;animation de Fran\u00e7ois-Xavier Destors \u2013 Solent Productions &amp; Saule Productions (Fr.) , Ma.ja.de. (All.), Les Films de la<\/em> <em>M\u00e9moire (Bel.) <em>\u2013<\/em> ARTE SWR, Bip TV <em><em>\u2013<\/em><\/em> avec le soutien du CNC, de la r\u00e9gion Pays de la Loire, la r\u00e9gion Auvergne-Rh\u00f4ne-Alpes<\/em> et de Pictanovo<\/p>\n\n\n\n<p class=\"wp-block-paragraph\">S\u00e9lection officielle Pitch Art et Culture &#8211; Sunny side of the doc 2024<\/p>\n\n\n\n<p class=\"wp-block-paragraph\"><em>Le Branleur, les Aventures d\u2019Edgar Hilsenrath<\/em> est un documentaire hybride d\u2019animation qui plonge dans l\u2019univers satirique d\u2019Edgar Hilsenrath, le premier \u00e9crivain juif allemand survivant de l\u2019Holocauste qui a os\u00e9 rire du pire.<\/p>\n<\/div><figure class=\"wp-block-media-text__media\"><img loading=\"lazy\" decoding=\"async\" width=\"683\" height=\"1024\" src=\"https:\/\/sauleproductions.fr\/wp-content\/uploads\/2026\/08\/LE_BRANLEUR_WEB_2500X3750-683x1024.jpg\" alt=\"LE BRANLEUR Fran\u00e7ois-Xavier DESTORS\" class=\"wp-image-810 size-full\" srcset=\"https:\/\/sauleproductions.fr\/wp-content\/uploads\/2026\/08\/LE_BRANLEUR_WEB_2500X3750-683x1024.jpg 683w, https:\/\/sauleproductions.fr\/wp-content\/uploads\/2026\/08\/LE_BRANLEUR_WEB_2500X3750-200x300.jpg 200w, https:\/\/sauleproductions.fr\/wp-content\/uploads\/2026\/08\/LE_BRANLEUR_WEB_2500X3750-768x1152.jpg 768w, https:\/\/sauleproductions.fr\/wp-content\/uploads\/2026\/08\/LE_BRANLEUR_WEB_2500X3750-1024x1536.jpg 1024w, https:\/\/sauleproductions.fr\/wp-content\/uploads\/2026\/08\/LE_BRANLEUR_WEB_2500X3750-1365x2048.jpg 1365w, https:\/\/sauleproductions.fr\/wp-content\/uploads\/2026\/08\/LE_BRANLEUR_WEB_2500X3750-1568x2352.jpg 1568w, https:\/\/sauleproductions.fr\/wp-content\/uploads\/2026\/08\/LE_BRANLEUR_WEB_2500X3750-scaled.jpg 1707w\" sizes=\"auto, (max-width: 683px) 100vw, 683px\" \/><\/figure><\/div>\n\n\n\n<div class=\"wp-block-media-text alignwide has-media-on-the-right is-stacked-on-mobile\"><div class=\"wp-block-media-text__content\">\n<p class=\"has-extra-large-font-size wp-block-paragraph\"><a href=\"https:\/\/sauleproductions.fr\/?page_id=732\" data-type=\"page\" data-id=\"732\">VRBANJA, L&rsquo;ASSAUT DE LA DIGNIT\u00c9<\/a><\/p>\n\n\n\n<p class=\"wp-block-paragraph\"><em>Un film documentaire de Benjamin Poincenet \u2013 Saule Productions \u2013 ICI Bretagne France TV <em>\u2013 <\/em><\/em>en coproduction avec <em>Pictanovo, Telo Martius productions<\/em> &#8211; 2026<\/p>\n\n\n\n<p class=\"wp-block-paragraph\"><strong>Prix Schoendoerffer<\/strong> du meilleur documentaire<\/p>\n\n\n\n<p class=\"wp-block-paragraph\">Le 27 mai 1995, des forces serbes camoufl\u00e9es en Casques bleus prennent en otage des soldats fran\u00e7ais sur le pont de Vrbanja, \u00e0 l\u2019entr\u00e9e de Sarajevo. Si le pont tombe, les Serbes peuvent conqu\u00e9rir la capitale bosniaque assi\u00e9g\u00e9e depuis plus de trois ans. En d\u00e9pit du mandat onusien qui les emp\u00eache d\u2019employer la force, les Casques bleus fran\u00e7ais d\u00e9cident de reprendre le pont. Trente ans apr\u00e8s, ils reviennent sur un acte de r\u00e9volte et d\u2019audace qui a marqu\u00e9 un tournant dans la guerre de Bosnie.<\/p>\n<\/div><figure class=\"wp-block-media-text__media\"><a href=\"https:\/\/sauleproductions.fr\/?page_id=732\"><img loading=\"lazy\" decoding=\"async\" width=\"768\" height=\"1024\" src=\"https:\/\/sauleproductions.fr\/wp-content\/uploads\/2026\/05\/AFFICHE_VRBANJA_800x1067px-768x1024.jpg\" alt=\"VRBANJA L'ASSAUT DE LA DIGNIT\u00c9 - Benjamin Poincenet - Saule Productions\" class=\"wp-image-723 size-full\" srcset=\"https:\/\/sauleproductions.fr\/wp-content\/uploads\/2026\/05\/AFFICHE_VRBANJA_800x1067px-768x1024.jpg 768w, https:\/\/sauleproductions.fr\/wp-content\/uploads\/2026\/05\/AFFICHE_VRBANJA_800x1067px-225x300.jpg 225w, https:\/\/sauleproductions.fr\/wp-content\/uploads\/2026\/05\/AFFICHE_VRBANJA_800x1067px.jpg 800w\" sizes=\"auto, (max-width: 768px) 100vw, 768px\" \/><\/a><\/figure><\/div>\n\n\n\n<div class=\"wp-block-media-text alignwide has-media-on-the-right is-stacked-on-mobile\"><div class=\"wp-block-media-text__content\">\n<p class=\"has-extra-large-font-size wp-block-paragraph\"><a href=\"https:\/\/sauleproductions.fr\/?page_id=643\" data-type=\"page\" data-id=\"643\">TAXI MOTO<\/a><\/p>\n\n\n\n<p class=\"wp-block-paragraph\"><em>Un court-m\u00e9trage de fiction de Ga\u00ebl Kamilindi \u2013 Saule Productions &amp; Adok Films<\/em> <em>\u2013<\/em> France 2, RTS <em>\u2013<\/em> avec le soutien de de l&rsquo;OFC, de Cin\u00e9forom du CNC et de Pictanovo &#8211; 2026<\/p>\n\n\n\n<p class=\"wp-block-paragraph\">Berlinale &#8211; <strong>TEDDY AWARD<\/strong> du meilleur court-m\u00e9trage ; Festival du film de Cabourg &#8211; <strong>Prix du meilleur court-m\u00e9trage<\/strong><\/p>\n\n\n\n<div class=\"wp-block-columns is-layout-flex wp-container-core-columns-is-layout-8f761849 wp-block-columns-is-layout-flex\">\n<div class=\"wp-block-column is-layout-flow wp-block-column-is-layout-flow\"><div class=\"wp-block-image\">\n<figure class=\"alignleft size-large is-resized\"><img loading=\"lazy\" decoding=\"async\" width=\"1024\" height=\"823\" src=\"https:\/\/sauleproductions.fr\/wp-content\/uploads\/2026\/05\/76_TeddyAward_2026_bw_RGB-1024x823.png\" alt=\"TEDDY AWARD - TAXI MOTO\" class=\"wp-image-754\" style=\"aspect-ratio:1.2442378708773718;width:190px;height:auto\" srcset=\"https:\/\/sauleproductions.fr\/wp-content\/uploads\/2026\/05\/76_TeddyAward_2026_bw_RGB-1024x823.png 1024w, https:\/\/sauleproductions.fr\/wp-content\/uploads\/2026\/05\/76_TeddyAward_2026_bw_RGB-300x241.png 300w, https:\/\/sauleproductions.fr\/wp-content\/uploads\/2026\/05\/76_TeddyAward_2026_bw_RGB-768x617.png 768w, https:\/\/sauleproductions.fr\/wp-content\/uploads\/2026\/05\/76_TeddyAward_2026_bw_RGB-1536x1235.png 1536w, https:\/\/sauleproductions.fr\/wp-content\/uploads\/2026\/05\/76_TeddyAward_2026_bw_RGB-1568x1261.png 1568w, https:\/\/sauleproductions.fr\/wp-content\/uploads\/2026\/05\/76_TeddyAward_2026_bw_RGB.png 2035w\" sizes=\"auto, (max-width: 1024px) 100vw, 1024px\" \/><\/figure>\n<\/div><\/div>\n\n\n\n<div class=\"wp-block-column is-layout-flow wp-block-column-is-layout-flow\">\n<p class=\"wp-block-paragraph\">Cartagena International Film Festival, New Directors \/ New Films!, IndieLisboa, Vienna Shorts, Frameline San Francisco&#8230;<\/p>\n<\/div>\n<\/div>\n\n\n\n<div class=\"wp-block-group is-nowrap is-layout-flex wp-container-core-group-is-layout-8f761849 wp-block-group-is-layout-flex\">\n<p class=\"wp-block-paragraph\">Emp\u00each\u00e9 de faire son film, un r\u00e9alisateur en r\u00e9invente les images ailleurs, avec un autre&nbsp;acteur. \u00c0 mesure qu\u2019ils se cherchent, le cin\u00e9ma devient un geste d\u2019amour et de r\u00e9sistance po\u00e9tique intime.<\/p>\n<\/div>\n<\/div><figure class=\"wp-block-media-text__media\"><a href=\"https:\/\/sauleproductions.fr\/?page_id=643\"><img loading=\"lazy\" decoding=\"async\" width=\"819\" height=\"1024\" src=\"https:\/\/sauleproductions.fr\/wp-content\/uploads\/2026\/02\/TAXI-MOTO-\u00a9-Adok-FilmsSaule-Productions-2026_1080x1350-FR-819x1024.jpg\" alt=\"TAXI MOTO \u00a9 Adok Films:Saule Productions : 2026_1080x1350-FR\" class=\"wp-image-695 size-full\" srcset=\"https:\/\/sauleproductions.fr\/wp-content\/uploads\/2026\/02\/TAXI-MOTO-\u00a9-Adok-FilmsSaule-Productions-2026_1080x1350-FR-819x1024.jpg 819w, https:\/\/sauleproductions.fr\/wp-content\/uploads\/2026\/02\/TAXI-MOTO-\u00a9-Adok-FilmsSaule-Productions-2026_1080x1350-FR-240x300.jpg 240w, https:\/\/sauleproductions.fr\/wp-content\/uploads\/2026\/02\/TAXI-MOTO-\u00a9-Adok-FilmsSaule-Productions-2026_1080x1350-FR-768x960.jpg 768w, https:\/\/sauleproductions.fr\/wp-content\/uploads\/2026\/02\/TAXI-MOTO-\u00a9-Adok-FilmsSaule-Productions-2026_1080x1350-FR.jpg 1080w\" sizes=\"auto, (max-width: 819px) 100vw, 819px\" \/><\/a><\/figure><\/div>\n\n\n\n<div class=\"wp-block-media-text alignwide has-media-on-the-right is-stacked-on-mobile\"><div class=\"wp-block-media-text__content\">\n<p class=\"has-extra-large-font-size wp-block-paragraph\">APR\u00c8S LA MER, CHARLEVILLE-M\u00c9ZI\u00c8RES<\/p>\n\n\n\n<p class=\"wp-block-paragraph\"><em>Un film documentaire d&rsquo;\u00c9lodie Sylvain \u2013 Saule Productions  <em>\u2013<\/em><\/em> <em>France 3 Grand-Est <em>\u2013<\/em><\/em> <em>avec le soutien du CNC, de la r\u00e9gion Grand Est<\/em> et de Pictanovo <em>\u2013 2025<\/em><\/p>\n\n\n\n<p class=\"wp-block-paragraph\">Fod\u00e9, Djibala, Mohsen et leurs camarades sont arriv\u00e9s mineurs \u00e0 Charleville-M\u00e9zi\u00e8res. <em>Apr\u00e8s la mer<\/em> d\u00e9voile leurs trajectoires boulevers\u00e9es autant par l\u2019exil que par la solidarit\u00e9 dont font preuve ceux qui luttent \u00e0 leurs c\u00f4t\u00e9s pour \u0153uvrer \u00e0 leur int\u00e9gration. Certains ont vu leur vie bascul\u00e9e avec l&rsquo;OQTF, d\u2019autres ont obtenu le statut de r\u00e9fugi\u00e9 ou la nationalit\u00e9 fran\u00e7aise. Ce documentaire leur donne la parole et d\u00e9montre, \u00e0 travers leurs r\u00e9ussites et leurs espoirs, la possibilit\u00e9 d&rsquo;un vivre ensemble.<\/p>\n<\/div><figure class=\"wp-block-media-text__media\"><img loading=\"lazy\" decoding=\"async\" width=\"768\" height=\"1024\" src=\"https:\/\/sauleproductions.fr\/wp-content\/uploads\/2026\/02\/AFFICHE-MER-CHARLEVILLE-SOLO-768x1024.png\" alt=\"APR\u00c8S LA MER CHARLEVILLE M\u00c9ZI\u00c8RES - un film d'Elodie Sylvain - Saule Productions\" class=\"wp-image-691 size-full\" srcset=\"https:\/\/sauleproductions.fr\/wp-content\/uploads\/2026\/02\/AFFICHE-MER-CHARLEVILLE-SOLO-768x1024.png 768w, https:\/\/sauleproductions.fr\/wp-content\/uploads\/2026\/02\/AFFICHE-MER-CHARLEVILLE-SOLO-225x300.png 225w, https:\/\/sauleproductions.fr\/wp-content\/uploads\/2026\/02\/AFFICHE-MER-CHARLEVILLE-SOLO-1152x1536.png 1152w, https:\/\/sauleproductions.fr\/wp-content\/uploads\/2026\/02\/AFFICHE-MER-CHARLEVILLE-SOLO-1536x2048.png 1536w, https:\/\/sauleproductions.fr\/wp-content\/uploads\/2026\/02\/AFFICHE-MER-CHARLEVILLE-SOLO-1568x2091.png 1568w, https:\/\/sauleproductions.fr\/wp-content\/uploads\/2026\/02\/AFFICHE-MER-CHARLEVILLE-SOLO-scaled.png 1920w\" sizes=\"auto, (max-width: 768px) 100vw, 768px\" \/><\/figure><\/div>\n\n\n\n<div class=\"wp-block-media-text alignwide has-media-on-the-right is-stacked-on-mobile\"><div class=\"wp-block-media-text__content\">\n<p class=\"has-extra-large-font-size wp-block-paragraph\"><a href=\"https:\/\/sauleproductions.fr\/?page_id=329\">INVISIBLES<\/a><\/p>\n\n\n\n<div class=\"wp-block-group is-nowrap is-layout-flex wp-container-core-group-is-layout-8f761849 wp-block-group-is-layout-flex\">\n<p class=\"wp-block-paragraph\"><em>Un film documentaire de Benjamin Poincenet et Fran\u00e7ois-Xavier Destors \u2013 2024 <em>\u2013 <\/em><\/em> <em>Produit par Ellis Films &amp; Saule Productions \u2013 W\u00e9o, Pictanovo \u2013 52\u2019 \/ 70&prime;<\/em><\/p>\n<\/div>\n\n\n\n<div class=\"wp-block-group is-nowrap is-layout-flex wp-container-core-group-is-layout-8f761849 wp-block-group-is-layout-flex\"><div class=\"wp-block-image\">\n<figure class=\"alignleft size-large is-resized\"><img loading=\"lazy\" decoding=\"async\" width=\"1024\" height=\"576\" src=\"https:\/\/sauleproductions.fr\/wp-content\/uploads\/2024\/06\/FIGRA-PX-public-AV-noir-1024x576.png\" alt=\"INVISIBLES Prix du public FIGRA\" class=\"wp-image-417\" style=\"width:166px;height:auto\" srcset=\"https:\/\/sauleproductions.fr\/wp-content\/uploads\/2024\/06\/FIGRA-PX-public-AV-noir-1024x576.png 1024w, https:\/\/sauleproductions.fr\/wp-content\/uploads\/2024\/06\/FIGRA-PX-public-AV-noir-300x169.png 300w, https:\/\/sauleproductions.fr\/wp-content\/uploads\/2024\/06\/FIGRA-PX-public-AV-noir-768x432.png 768w, https:\/\/sauleproductions.fr\/wp-content\/uploads\/2024\/06\/FIGRA-PX-public-AV-noir-1536x864.png 1536w, https:\/\/sauleproductions.fr\/wp-content\/uploads\/2024\/06\/FIGRA-PX-public-AV-noir-1568x882.png 1568w, https:\/\/sauleproductions.fr\/wp-content\/uploads\/2024\/06\/FIGRA-PX-public-AV-noir.png 1920w\" sizes=\"auto, (max-width: 1024px) 100vw, 1024px\" \/><\/figure>\n<\/div>\n\n\n<p class=\"wp-block-paragraph\">FIGRA 2024 &#8211; Prix du Public<\/p>\n<\/div>\n\n\n\n<p class=\"wp-block-paragraph\">Envoy\u00e9 en renfort pour sauver ses camarades pris dans l&#8217;embuscade d&rsquo;Uzbin en 2008 en Afghanistan, Benjamin vit depuis son d\u00e9part de l&rsquo;arm\u00e9e avec des blessures invisibles. Quinze ans apr\u00e8s, il part \u00e0 la rencontre de ses anciens fr\u00e8res d&rsquo;armes pour lib\u00e9rer la parole de ceux qui, comme lui, ne sont pas revenus indemnes de la guerre d&rsquo;Afghanistan.<\/p>\n<\/div><figure class=\"wp-block-media-text__media\"><a href=\"https:\/\/sauleproductions.fr\/?page_id=329\"><img loading=\"lazy\" decoding=\"async\" width=\"776\" height=\"1024\" src=\"https:\/\/sauleproductions.fr\/wp-content\/uploads\/2024\/05\/affiche_INVISIBLES_240x320-V2-1-776x1024.jpg\" alt=\"INVISIBLES un film de Fran\u00e7ois-Xavier DESTORS\" class=\"wp-image-407 size-full\" srcset=\"https:\/\/sauleproductions.fr\/wp-content\/uploads\/2024\/05\/affiche_INVISIBLES_240x320-V2-1-776x1024.jpg 776w, https:\/\/sauleproductions.fr\/wp-content\/uploads\/2024\/05\/affiche_INVISIBLES_240x320-V2-1-227x300.jpg 227w, https:\/\/sauleproductions.fr\/wp-content\/uploads\/2024\/05\/affiche_INVISIBLES_240x320-V2-1-768x1014.jpg 768w, https:\/\/sauleproductions.fr\/wp-content\/uploads\/2024\/05\/affiche_INVISIBLES_240x320-V2-1-1164x1536.jpg 1164w, https:\/\/sauleproductions.fr\/wp-content\/uploads\/2024\/05\/affiche_INVISIBLES_240x320-V2-1-1551x2048.jpg 1551w, https:\/\/sauleproductions.fr\/wp-content\/uploads\/2024\/05\/affiche_INVISIBLES_240x320-V2-1-1568x2070.jpg 1568w, https:\/\/sauleproductions.fr\/wp-content\/uploads\/2024\/05\/affiche_INVISIBLES_240x320-V2-1-scaled.jpg 1939w\" sizes=\"auto, (max-width: 776px) 100vw, 776px\" \/><\/a><\/figure><\/div>\n\n\n\n<hr class=\"wp-block-separator has-alpha-channel-opacity\"\/>\n\n\n\n<h2 class=\"wp-block-heading has-text-align-left alignwide\">En production \/ d\u00e9veloppement<\/h2>\n\n\n\n<div class=\"wp-block-media-text alignwide has-media-on-the-right is-stacked-on-mobile\"><div class=\"wp-block-media-text__content\">\n<p class=\"has-extra-large-font-size wp-block-paragraph\">AKWAABA, le chemin des larmes<\/p>\n\n\n\n<p class=\"wp-block-paragraph\"><em>Un film documentaire d&rsquo;Aya Cissoko \u2013 Saule Productions<\/em> <em>\u2013<\/em> avec le soutien de le Villa Albertine, Pictanovo, la Fondation pour la M\u00e9moire de l&rsquo;Esclavage et L&rsquo;\u00e9changeur CDCN<\/p>\n\n\n\n<p class=\"wp-block-paragraph\">Tout commence par des crises de larmes qu\u2019Aya ne s\u2019explique pas lors d\u2019un voyage en Louisiane. Pour comprendre ce qui lui arrive, l\u2019\u00e9crivaine fran\u00e7aise d\u2019origine malienne entame une enqu\u00eate intime, historique et spirituelle entre La Nouvelle-Orl\u00e9ans et Paris, o\u00f9 elle a grandi. En questionnant son \u00e9ducation, les traditions culturelles et les d\u00e9tenteurs de ces savoirs, elle va remonter le fil des traumatismes enfouis. Ce film raconte la trajectoire d\u2019une \u00e9mancipation. Celle d\u2019une m\u00e8re qui brise l\u2019injonction familiale \u00e0 toujours \u00eatre forte pour offrir \u00e0 sa fille un autre destin : le droit de vivre, et pas seulement de r\u00e9sister.<\/p>\n<\/div><figure class=\"wp-block-media-text__media\"><img loading=\"lazy\" decoding=\"async\" width=\"1024\" height=\"1024\" src=\"https:\/\/sauleproductions.fr\/wp-content\/uploads\/2025\/08\/AKWAABA-affiche-fr-scaled-e1755262825952-1024x1024.png\" alt=\"Akwaaba le chemin des larmes - Aya Cissoko\" class=\"wp-image-591 size-full\" srcset=\"https:\/\/sauleproductions.fr\/wp-content\/uploads\/2025\/08\/AKWAABA-affiche-fr-scaled-e1755262825952-1024x1024.png 1024w, https:\/\/sauleproductions.fr\/wp-content\/uploads\/2025\/08\/AKWAABA-affiche-fr-scaled-e1755262825952-300x300.png 300w, https:\/\/sauleproductions.fr\/wp-content\/uploads\/2025\/08\/AKWAABA-affiche-fr-scaled-e1755262825952-150x150.png 150w, https:\/\/sauleproductions.fr\/wp-content\/uploads\/2025\/08\/AKWAABA-affiche-fr-scaled-e1755262825952-768x768.png 768w, https:\/\/sauleproductions.fr\/wp-content\/uploads\/2025\/08\/AKWAABA-affiche-fr-scaled-e1755262825952-1536x1536.png 1536w, https:\/\/sauleproductions.fr\/wp-content\/uploads\/2025\/08\/AKWAABA-affiche-fr-scaled-e1755262825952-1568x1568.png 1568w, https:\/\/sauleproductions.fr\/wp-content\/uploads\/2025\/08\/AKWAABA-affiche-fr-scaled-e1755262825952.png 1810w\" sizes=\"auto, (max-width: 1024px) 100vw, 1024px\" \/><\/figure><\/div>\n\n\n\n<div class=\"wp-block-media-text alignwide has-media-on-the-right is-stacked-on-mobile\"><div class=\"wp-block-media-text__content\">\n<p class=\"has-extra-large-font-size wp-block-paragraph\">LA VIE R\u00caV\u00c9E DES STAREWITCH<\/p>\n\n\n\n<p class=\"wp-block-paragraph\"><em>Un film documentaire de Marie Thomas-Penette \u2013 Saule Productions &amp; Les Docs du Nord \u2013 avec le soutien de Pictanovo<\/em><\/p>\n\n\n\n<p class=\"wp-block-paragraph\">Il \u00e9tait une fois un chasseur de papillons et d\u2019insectes en tous genres dont le plus grand d\u00e9sir \u00e9tait de rendre visible les r\u00eaves de son imagination. Pour donner vie \u00e0 ses cr\u00e9atures, il invente un nouveau langage, de nouvelles techniques et trucages, s\u2019inspire des contes et des fables. Il devient l\u2019un des premiers cin\u00e9magiciens.<\/p>\n<\/div><figure class=\"wp-block-media-text__media\"><img loading=\"lazy\" decoding=\"async\" width=\"700\" height=\"700\" src=\"https:\/\/sauleproductions.fr\/wp-content\/uploads\/2024\/06\/19636776.jpg-r_1280_720-f_jpg-q_x-xxyxx-e1718359234749.jpg\" alt=\"La vie r\u00eav\u00e9e des Starewitch de Marie THOMAS-PENETTE\" class=\"wp-image-421 size-full\" srcset=\"https:\/\/sauleproductions.fr\/wp-content\/uploads\/2024\/06\/19636776.jpg-r_1280_720-f_jpg-q_x-xxyxx-e1718359234749.jpg 700w, https:\/\/sauleproductions.fr\/wp-content\/uploads\/2024\/06\/19636776.jpg-r_1280_720-f_jpg-q_x-xxyxx-e1718359234749-300x300.jpg 300w, https:\/\/sauleproductions.fr\/wp-content\/uploads\/2024\/06\/19636776.jpg-r_1280_720-f_jpg-q_x-xxyxx-e1718359234749-150x150.jpg 150w\" sizes=\"auto, (max-width: 700px) 100vw, 700px\" \/><\/figure><\/div>\n\n\n\n<div class=\"wp-block-media-text alignwide has-media-on-the-right is-stacked-on-mobile\"><div class=\"wp-block-media-text__content\">\n<p class=\"has-extra-large-font-size wp-block-paragraph\">LES ENFANTS DES CONVOIS<\/p>\n\n\n\n<p class=\"wp-block-paragraph\"><em>Un film documentaire \u00e9crit et r\u00e9alis\u00e9 par Beata Umubyeyi Mairesse et Marie Thomas-Penette<\/em> <em>&#8211; avec le soutien de Pictanovo<\/em><\/p>\n\n\n<div class=\"wp-block-image\">\n<figure class=\"alignleft size-large is-resized\"><img loading=\"lazy\" decoding=\"async\" width=\"1024\" height=\"247\" src=\"https:\/\/sauleproductions.fr\/wp-content\/uploads\/2026\/02\/EURODOC_ORG_2a_black-1024x247.png\" alt=\"EURODOC \" class=\"wp-image-712\" style=\"aspect-ratio:4.146232280527232;width:374px;height:auto\" srcset=\"https:\/\/sauleproductions.fr\/wp-content\/uploads\/2026\/02\/EURODOC_ORG_2a_black-1024x247.png 1024w, https:\/\/sauleproductions.fr\/wp-content\/uploads\/2026\/02\/EURODOC_ORG_2a_black-300x72.png 300w, https:\/\/sauleproductions.fr\/wp-content\/uploads\/2026\/02\/EURODOC_ORG_2a_black-768x185.png 768w, https:\/\/sauleproductions.fr\/wp-content\/uploads\/2026\/02\/EURODOC_ORG_2a_black-1536x371.png 1536w, https:\/\/sauleproductions.fr\/wp-content\/uploads\/2026\/02\/EURODOC_ORG_2a_black-2048x494.png 2048w, https:\/\/sauleproductions.fr\/wp-content\/uploads\/2026\/02\/EURODOC_ORG_2a_black-1568x379.png 1568w\" sizes=\"auto, (max-width: 1024px) 100vw, 1024px\" \/><\/figure>\n<\/div>\n\n\n<p class=\"wp-block-paragraph\">S\u00e9lection au programme EURODOC 2026<\/p>\n\n\n\n<p class=\"wp-block-paragraph\">30 ans apr\u00e8s avoir \u00e9t\u00e9 sauv\u00e9e du g\u00e9nocide des Tutsi du Rwanda dans un convoi humanitaire film\u00e9 et photographi\u00e9 par des journalistes occidentaux, l\u2019\u00e9crivaine Beata Umubyeyi Mairesse part \u00e0 la qu\u00eate de ses images et s\u2019interroge, avec d\u2019autres survivants des convois, sur l\u2019\u00e9criture et la transmission de leur histoire collective.<\/p>\n<\/div><figure class=\"wp-block-media-text__media\"><img loading=\"lazy\" decoding=\"async\" width=\"1024\" height=\"1024\" src=\"https:\/\/sauleproductions.fr\/wp-content\/uploads\/2026\/08\/Damas-scaled-e1788177466833-1024x1024.jpg\" alt=\"Les Enfants des convois - Beata Umubyeyi Mairesse et Marie Thomas-Penette\" class=\"wp-image-839 size-full\" srcset=\"https:\/\/sauleproductions.fr\/wp-content\/uploads\/2026\/08\/Damas-scaled-e1788177466833-1024x1024.jpg 1024w, https:\/\/sauleproductions.fr\/wp-content\/uploads\/2026\/08\/Damas-scaled-e1788177466833-300x300.jpg 300w, https:\/\/sauleproductions.fr\/wp-content\/uploads\/2026\/08\/Damas-scaled-e1788177466833-150x150.jpg 150w, https:\/\/sauleproductions.fr\/wp-content\/uploads\/2026\/08\/Damas-scaled-e1788177466833-768x768.jpg 768w, https:\/\/sauleproductions.fr\/wp-content\/uploads\/2026\/08\/Damas-scaled-e1788177466833.jpg 1438w\" sizes=\"auto, (max-width: 1024px) 100vw, 1024px\" \/><\/figure><\/div>\n\n\n\n<div class=\"wp-block-media-text alignwide has-media-on-the-right is-stacked-on-mobile\"><div class=\"wp-block-media-text__content\">\n<p class=\"has-extra-large-font-size wp-block-paragraph\">NUNA &#8211; TERRES ET \u00c2MES<\/p>\n\n\n\n<p class=\"wp-block-paragraph\"><em>Un film documentaire de Marion Jh\u00f6aner \u2013 Saule Productions &amp; Azadi Productions<\/em> <em>\u2013 avec le soutien de Pictanovo<\/em><\/p>\n\n\n\n<p class=\"wp-block-paragraph\"><em>Au Nord du Groenland, \u00e0 Qaanaaq, vit la communaut\u00e9 la plus septentrionale du monde : les inughuits. Les<\/em> <em>traumatismes de la colonisation danoise et de leur d\u00e9placement forc\u00e9 pendant la Guerre Froide impr\u00e8gnent<\/em> <em>les terres et les \u00e2mes des habitants. Aujourd&rsquo;hui, la mondialisation, les changements climatiques et des<\/em> <em>nouvelles vell\u00e9it\u00e9s d&rsquo;annexion la menacent directement. \u00c0 travers Aleq, musicien et chasseur, NUNA<\/em> <em>interroge le lien entre territoire, m\u00e9moire et survie, r\u00e9v\u00e9lant la lutte pour pr\u00e9server une culture en p\u00e9ril<\/em>.<\/p>\n<\/div><figure class=\"wp-block-media-text__media\"><img loading=\"lazy\" decoding=\"async\" width=\"1024\" height=\"1024\" src=\"https:\/\/sauleproductions.fr\/wp-content\/uploads\/2025\/03\/Couverture-NUNA-e1742309492604-1024x1024.jpg\" alt=\"Nuna. de Marion Jhoaner\" class=\"wp-image-571 size-full\" srcset=\"https:\/\/sauleproductions.fr\/wp-content\/uploads\/2025\/03\/Couverture-NUNA-e1742309492604-1024x1024.jpg 1024w, https:\/\/sauleproductions.fr\/wp-content\/uploads\/2025\/03\/Couverture-NUNA-e1742309492604-300x300.jpg 300w, https:\/\/sauleproductions.fr\/wp-content\/uploads\/2025\/03\/Couverture-NUNA-e1742309492604-150x150.jpg 150w, https:\/\/sauleproductions.fr\/wp-content\/uploads\/2025\/03\/Couverture-NUNA-e1742309492604-768x768.jpg 768w, https:\/\/sauleproductions.fr\/wp-content\/uploads\/2025\/03\/Couverture-NUNA-e1742309492604.jpg 1240w\" sizes=\"auto, (max-width: 1024px) 100vw, 1024px\" \/><\/figure><\/div>\n\n\n\n<div class=\"wp-block-media-text alignwide has-media-on-the-right is-stacked-on-mobile\"><div class=\"wp-block-media-text__content\">\n<p class=\"has-extra-large-font-size wp-block-paragraph\">LE V\u00c9LO DE MON P\u00c8RE<\/p>\n\n\n\n<p class=\"wp-block-paragraph\"><em>Un film documentaire de Am\u00e9lie Mutarabayire-Schafer, \u00e9crit avec Marie Thomas-Penette<\/em> <em>\u2013 avec le soutien de Pictanovo<\/em><\/p>\n\n\n\n<p class=\"wp-block-paragraph\">Am\u00e9lie part en qu\u00eate du v\u00e9lo de son p\u00e8re, vol\u00e9 pendant le g\u00e9nocide perp\u00e9tr\u00e9 contre les Tutsi du Rwanda, r\u00e9apparu \u00e0 la fin des massacres pour dispara\u00eetre \u00e0 nouveau quelques ann\u00e9es plus tard.<\/p>\n\n\n\n<p class=\"wp-block-paragraph\">Un v\u00e9lo mythique, consid\u00e9r\u00e9 comme le doyen des v\u00e9los de course du pays, \u00e0 l\u2019origine de nombreuses vocations sportives et acteur des premi\u00e8res heures du cyclisme au pays des mille collines. Un v\u00e9lo qui, au fil de l\u2019enqu\u00eate, devient symbole de r\u00e9silience et vecteur de transmission. Donnant l\u2019occasion \u00e0 des filles et des fils de r\u00e9veiller les souvenirs et perp\u00e9tuer la m\u00e9moire de leurs p\u00e8res.<\/p>\n<\/div><figure class=\"wp-block-media-text__media\"><img loading=\"lazy\" decoding=\"async\" width=\"441\" height=\"441\" src=\"https:\/\/sauleproductions.fr\/wp-content\/uploads\/2025\/09\/Firefly-velo-rwanda-small-e1757263947688.jpg\" alt=\"Le v\u00e9lo de mon p\u00e8re - Am\u00e9lie Schafer et Marie Thomas-Penette\" class=\"wp-image-603 size-full\" srcset=\"https:\/\/sauleproductions.fr\/wp-content\/uploads\/2025\/09\/Firefly-velo-rwanda-small-e1757263947688.jpg 441w, https:\/\/sauleproductions.fr\/wp-content\/uploads\/2025\/09\/Firefly-velo-rwanda-small-e1757263947688-300x300.jpg 300w, https:\/\/sauleproductions.fr\/wp-content\/uploads\/2025\/09\/Firefly-velo-rwanda-small-e1757263947688-150x150.jpg 150w\" sizes=\"auto, (max-width: 441px) 100vw, 441px\" \/><\/figure><\/div>\n\n\n\n<div class=\"wp-block-media-text alignwide has-media-on-the-right is-stacked-on-mobile\"><div class=\"wp-block-media-text__content\">\n<p class=\"has-extra-large-font-size wp-block-paragraph\">L&rsquo;\u00c9TERNEL \u00c9T\u00c9<\/p>\n\n\n\n<p class=\"wp-block-paragraph\"><em>Un film documentaire de Ozal Emier<\/em> <em>\u2013 avec le soutien de Pictanovo, Ard\u00e8che images<\/em><\/p>\n\n\n\n<p class=\"wp-block-paragraph\">Elle a quatre noms : selon les situations, le degr\u00e9 d\u2019intimit\u00e9, les gens l\u2019appellent Mathilde, Laure, Laure-Mathilde ou Ati. Entour\u00e9e de ses fant\u00f4mes, marqu\u00e9e par les blessures de son enfance, elle s\u2019\u00e9tonne \u00ab <em>d\u2019\u00eatre encore I\u00e0 aujourd\u2019hui \u00bb<\/em>, \u00e0 60 ans. Et moi je m\u2019\u00e9tonne qu\u2019une telle pens\u00e9e la traverse. Qu\u2019est-ce que j\u2019ignore ? Tout, s\u00fbrement. <\/p>\n\n\n\n<p class=\"wp-block-paragraph\">Alors durant un \u00e9t\u00e9 parisien qui s\u2019\u00e9ternise, ma m\u00e8re me raconte sa vie et me parle des pr\u00e9dateurs qui la hantent encore.&nbsp;<\/p>\n<\/div><figure class=\"wp-block-media-text__media\"><img loading=\"lazy\" decoding=\"async\" width=\"1024\" height=\"1024\" src=\"https:\/\/sauleproductions.fr\/wp-content\/uploads\/2025\/09\/mam-scaled-e1757264608526-1024x1024.png\" alt=\"L'\u00e9ternel \u00e9t\u00e9 - Ozal Emier\" class=\"wp-image-605 size-full\" srcset=\"https:\/\/sauleproductions.fr\/wp-content\/uploads\/2025\/09\/mam-scaled-e1757264608526-1024x1024.png 1024w, https:\/\/sauleproductions.fr\/wp-content\/uploads\/2025\/09\/mam-scaled-e1757264608526-300x300.png 300w, https:\/\/sauleproductions.fr\/wp-content\/uploads\/2025\/09\/mam-scaled-e1757264608526-150x150.png 150w, https:\/\/sauleproductions.fr\/wp-content\/uploads\/2025\/09\/mam-scaled-e1757264608526-768x768.png 768w, https:\/\/sauleproductions.fr\/wp-content\/uploads\/2025\/09\/mam-scaled-e1757264608526.png 1438w\" sizes=\"auto, (max-width: 1024px) 100vw, 1024px\" \/><\/figure><\/div>\n\n\n\n<div class=\"wp-block-media-text alignwide has-media-on-the-right is-stacked-on-mobile\"><div class=\"wp-block-media-text__content\">\n<p class=\"has-extra-large-font-size wp-block-paragraph\">RENAULT, L&rsquo;ART ET LA MACHINE<\/p>\n\n\n\n<p class=\"wp-block-paragraph\"><em>Un film documentaire de Fran\u00e7ois-Xavier Destors \u2013 en coproduction avec Elda Productions, avec le soutien d&rsquo;ARTE France<\/em>, Pictanovo<\/p>\n\n\n\n<p class=\"wp-block-paragraph\">\u00c0 travers des archives in\u00e9dites, des \u0153uvres restaur\u00e9es, des entretiens et des performances artistiques contemporaines, le film propose une travers\u00e9e de plus d\u2019un demi-si\u00e8cle de cr\u00e9ation artistique en milieu industriel. Il relie les pionniers des ann\u00e9es 1960 aux jeunes artistes du street art invit\u00e9s aujourd\u2019hui \u00e0 intervenir dans les usines Renault, prolongeant cet h\u00e9ritage de libert\u00e9 et d\u2019audace qui a transform\u00e9 l\u2019usine en atelier d\u2019art, et l\u2019artiste en ouvrier de l\u2019imaginaire.<\/p>\n<\/div><figure class=\"wp-block-media-text__media\"><img loading=\"lazy\" decoding=\"async\" width=\"720\" height=\"720\" src=\"https:\/\/sauleproductions.fr\/wp-content\/uploads\/2026\/05\/ACCUMULATIONS-LOSANGE-carre.jpg\" alt=\"RENAULT L'ART ET LA MACHINE\" class=\"wp-image-784 size-full\" srcset=\"https:\/\/sauleproductions.fr\/wp-content\/uploads\/2026\/05\/ACCUMULATIONS-LOSANGE-carre.jpg 720w, https:\/\/sauleproductions.fr\/wp-content\/uploads\/2026\/05\/ACCUMULATIONS-LOSANGE-carre-300x300.jpg 300w, https:\/\/sauleproductions.fr\/wp-content\/uploads\/2026\/05\/ACCUMULATIONS-LOSANGE-carre-150x150.jpg 150w\" sizes=\"auto, (max-width: 720px) 100vw, 720px\" \/><\/figure><\/div>\n\n\n\n<div class=\"wp-block-media-text alignwide has-media-on-the-right is-stacked-on-mobile\"><div class=\"wp-block-media-text__content\">\n<p class=\"has-extra-large-font-size wp-block-paragraph\">LAISSE-MOI TE FILMER<\/p>\n\n\n\n<p class=\"wp-block-paragraph\"><em>Un film documentaire d&rsquo;\u00c9lodie Sylvain<\/em><\/p>\n\n\n\n<p class=\"wp-block-paragraph\">Ma fille croit que son arri\u00e8re-grand-p\u00e8re \u00e9tait p\u00eacheur. Il \u00e9tait mineur.<\/p>\n\n\n\n<p class=\"wp-block-paragraph\">\u00c0 partir de cette erreur, je m\u00e8ne une enqu\u00eate intime et burlesque entre La Napoule, le Nord et la Pologne, avec une fille qui refuse d\u2019\u00eatre film\u00e9e, des archives incompl\u00e8tes, des noms perdus et peut-\u00eatre une voyante. Un film sur ce que les images gardent, d\u00e9forment ou ne transmettent pas.<\/p>\n<\/div><figure class=\"wp-block-media-text__media\"><img loading=\"lazy\" decoding=\"async\" width=\"1024\" height=\"1024\" src=\"https:\/\/sauleproductions.fr\/wp-content\/uploads\/2026\/06\/Anouk-portable-e1782809684595-1024x1024.jpg\" alt=\"Laisse-moi te filmer - Elodie Sylvain\" class=\"wp-image-806 size-full\" srcset=\"https:\/\/sauleproductions.fr\/wp-content\/uploads\/2026\/06\/Anouk-portable-e1782809684595-1024x1024.jpg 1024w, https:\/\/sauleproductions.fr\/wp-content\/uploads\/2026\/06\/Anouk-portable-e1782809684595-300x300.jpg 300w, https:\/\/sauleproductions.fr\/wp-content\/uploads\/2026\/06\/Anouk-portable-e1782809684595-150x150.jpg 150w, https:\/\/sauleproductions.fr\/wp-content\/uploads\/2026\/06\/Anouk-portable-e1782809684595-768x768.jpg 768w, https:\/\/sauleproductions.fr\/wp-content\/uploads\/2026\/06\/Anouk-portable-e1782809684595.jpg 1078w\" sizes=\"auto, (max-width: 1024px) 100vw, 1024px\" \/><\/figure><\/div>\n","protected":false},"excerpt":{"rendered":"<p>LE BRANLEUR, LES AVENTURES D&rsquo;EDGAR HILSENRATH Un film documentaire d&rsquo;animation de Fran\u00e7ois-Xavier Destors \u2013 Solent Productions &amp; Saule Productions (Fr.) , Ma.ja.de. (All.), Les Films de la M\u00e9moire (Bel.) \u2013 ARTE SWR, Bip TV \u2013 avec le soutien du CNC, de la r\u00e9gion Pays de la Loire, la r\u00e9gion Auvergne-Rh\u00f4ne-Alpes et de Pictanovo S\u00e9lection officielle&hellip; <a class=\"more-link\" href=\"https:\/\/sauleproductions.fr\/?page_id=40\">Poursuivre la lecture <span class=\"screen-reader-text\">Films<\/span><\/a><\/p>\n","protected":false},"author":1,"featured_media":0,"parent":5,"menu_order":0,"comment_status":"closed","ping_status":"closed","template":"","meta":{"footnotes":""},"class_list":["post-40","page","type-page","status-publish","hentry","entry"],"_links":{"self":[{"href":"https:\/\/sauleproductions.fr\/index.php?rest_route=\/wp\/v2\/pages\/40","targetHints":{"allow":["GET"]}}],"collection":[{"href":"https:\/\/sauleproductions.fr\/index.php?rest_route=\/wp\/v2\/pages"}],"about":[{"href":"https:\/\/sauleproductions.fr\/index.php?rest_route=\/wp\/v2\/types\/page"}],"author":[{"embeddable":true,"href":"https:\/\/sauleproductions.fr\/index.php?rest_route=\/wp\/v2\/users\/1"}],"replies":[{"embeddable":true,"href":"https:\/\/sauleproductions.fr\/index.php?rest_route=%2Fwp%2Fv2%2Fcomments&post=40"}],"version-history":[{"count":132,"href":"https:\/\/sauleproductions.fr\/index.php?rest_route=\/wp\/v2\/pages\/40\/revisions"}],"predecessor-version":[{"id":841,"href":"https:\/\/sauleproductions.fr\/index.php?rest_route=\/wp\/v2\/pages\/40\/revisions\/841"}],"up":[{"embeddable":true,"href":"https:\/\/sauleproductions.fr\/index.php?rest_route=\/wp\/v2\/pages\/5"}],"wp:attachment":[{"href":"https:\/\/sauleproductions.fr\/index.php?rest_route=%2Fwp%2Fv2%2Fmedia&parent=40"}],"curies":[{"name":"wp","href":"https:\/\/api.w.org\/{rel}","templated":true}]}}